{"id":708,"date":"2016-03-30T10:59:43","date_gmt":"2016-03-30T08:59:43","guid":{"rendered":"http:\/\/demo.themeum.com\/wordpress\/cuisine\/?page_id=708"},"modified":"2025-01-08T10:54:41","modified_gmt":"2025-01-08T09:54:41","slug":"menu","status":"publish","type":"page","link":"https:\/\/lartdsens-traiteur.com\/index.php\/menu\/","title":{"rendered":"Menus"},"content":{"rendered":"<p>[vc_row][vc_column][\/vc_column][\/vc_row][vc_row css=&#8221;.vc_custom_1459767731547{padding-top: 60px !important;}&#8221;][vc_column]<div class=\"addon-fancy-menu \"><div class=\"fancy-menu-content container\"><div class=\"row no-gutter\"><div class=\"col-md-7\"><div class=\"fancy-menu-innner\" style=\"background-color: #dd3333;background-image:url(https:\/\/lartdsens-traiteur.com\/wp-content\/uploads\/2016\/03\/pattern-1.png);\"><i style=\"font-size: 128px;color: #ffffff;\" class=\"sb-bistro-drinks fancy-menu-icon bounceIn\"><\/i><h2 class=\"fancy-menu-title\" style=\"font-size: 50px;color: #ffffff;\">Menu cocktail dinatoire avec un service \u00e0 l\u2019assiette 98HT\u20ac\/personne<\/h2><div class=\"fancy-menu-items\"><ol><li class=\"wow fadeInLeft\" data-wow-delay=\"0ms\"><h4>Nous commen\u00e7ons par un accueil rafra\u00eechissant. Il sera servi d\u00e8s l\u2019arriv\u00e9e des convives :<\/h4><span class=\"menu-price\"><\/span><div class=\"menu-dots\"><\/div><div class=\"menu-text\">Bar \u00e0 smoothies frais fait minute devant les convives<br \/>\nCitronnade<br \/>\nEaux plates et p\u00e9tillantes<\/div><\/li><\/ol><\/div><\/div><\/div><div class=\"col-md-5 fancy-menu-img-container\"><div class=\"fancy-menu-position right-bottom\"><img decoding=\"async\" src=\"https:\/\/lartdsens-traiteur.com\/wp-content\/uploads\/2016\/11\/Chez-un-particulier.jpg\" alt=\"Menu cocktail dinatoire avec un service \u00e0 l\u2019assiette 98HT\u20ac\/personne\"><\/div><\/div><\/div><\/div><\/div><div class=\"addon-fancy-menu \"><div class=\"fancy-menu-content container\"><div class=\"row no-gutter\"><div class=\"col-md-5 fancy-menu-img-container\"><div class=\"fancy-menu-position left-top\"><img decoding=\"async\" src=\"https:\/\/lartdsens-traiteur.com\/wp-content\/uploads\/2020\/05\/79cf7c1b-b472-42f5-8662-c369fd8f0dd2.jpg\" alt=\"\"><\/div><\/div><div class=\"col-md-7\"><div class=\"fancy-menu-innner\" style=\"background-color: #383847;background-image:url(https:\/\/lartdsens-traiteur.com\/wp-content\/uploads\/2016\/03\/pattern-1.png);\"><i style=\"font-size: 128px;color: #ffffff;\" class=\"sb-bistro-chef-hat fancy-menu-icon bounceIn\"><\/i><h2 class=\"fancy-menu-title\" style=\"font-size: 50px;color: #ffffff;\"><\/h2><div class=\"fancy-menu-items\"><ol><li class=\"wow fadeInLeft\" data-wow-delay=\"0ms\"><h4>LES PLATEAUX CANAP\u00c9S<\/h4><span class=\"menu-price\"><\/span><div class=\"menu-dots\"><\/div><div class=\"menu-text\">Brochette de mozzarella et tomates cerises au basilic<br \/>\nWrap aux crudit\u00e9s et fromage frais<br \/>\nMacaron au foie gras et chutney de pomme<br \/>\nFra\u00eecheur de crevette \u00e0 la menthe et carotte<br \/>\nCroustade d\u2019a\u00efoli<\/div><\/li><li class=\"wow fadeInLeft\" data-wow-delay=\"0ms\"><h4>LES VERRINES<\/h4><span class=\"menu-price\"><\/span><div class=\"menu-dots\"><\/div><div class=\"menu-text\">Ceviche de Saint Jacques aux agrumes<br \/>\nCarpaccio de b\u0153uf, parmesan et huile de truffe<br \/>\nPoulpe \u00e0 la marseillaise<br \/>\nCornet so fresh<\/div><\/li><li class=\"wow fadeInLeft\" data-wow-delay=\"0ms\"><h4>LES MINIS LUNCHES<\/h4><span class=\"menu-price\"><\/span><div class=\"menu-dots\"><\/div><div class=\"menu-text\">Pain nordique au saumon, aneth et fromage frais<br \/>\nMini burger coppa, moutarde et basilic<br \/>\nMini lunch grain de pavot magret de canard fum\u00e9 et confiture de figue<\/div><\/li><li class=\"wow fadeInLeft\" data-wow-delay=\"0ms\"><h4>LES PI\u00c8CES CHAUDES EN FRITURE<\/h4><span class=\"menu-price\"><\/span><div class=\"menu-dots\"><\/div><div class=\"menu-text\">Samossa aux b\u0153ufset l\u00e9gumes<br \/>\nLa v\u00e9ritable panisse de l\u2019Estaque<br \/>\nGambas enrobage pop-corn<br \/>\nAccra de morue au parfum de gingembre<br \/>\nFish and chips de loup sauce estragon<br \/>\nLes cornets v\u00e9g\u00e9tariens \u00ab so fresh \u00bb<\/div><\/li><\/ol><\/div><\/div><\/div><\/div><\/div><\/div><div class=\"addon-fancy-menu \"><div class=\"fancy-menu-content container\"><div class=\"row no-gutter\"><div class=\"col-md-7\"><div class=\"fancy-menu-innner\" style=\"background-color: #dd3333;background-image:url(https:\/\/lartdsens-traiteur.com\/wp-content\/uploads\/2016\/03\/pattern-1.png);\"><i style=\"font-size: 128px;color: #ffffff;\" class=\"sb-bistro-saslik fancy-menu-icon bounceIn\"><\/i><h2 class=\"fancy-menu-title\" style=\"font-size: 50px;color: #ffffff;\">Les animations culinaires<\/h2><div class=\"fancy-menu-items\"><ol><li class=\"wow fadeInLeft\" data-wow-delay=\"0ms\"><h4><\/h4><span class=\"menu-price\"><\/span><div class=\"menu-dots\"><\/div><div class=\"menu-text\">Dans votre menu, une animation est comprise \u00e0 choisir par vos soins,<br \/>\nSi vous souhaitez une animation de plus, le suppl\u00e9ment est \u00e0 3,50\u20ac\/personne.<br \/>\n<\/div><\/li><\/ol><\/div><\/div><\/div><div class=\"col-md-5 fancy-menu-img-container\"><div class=\"fancy-menu-position right-top\"><img decoding=\"async\" src=\"https:\/\/lartdsens-traiteur.com\/wp-content\/uploads\/2016\/11\/SG.jpg\" alt=\"Les animations culinaires\"><\/div><\/div><\/div><\/div><\/div><div class=\"addon-fancy-menu \"><div class=\"fancy-menu-content container\"><div class=\"row no-gutter\"><div class=\"col-md-5 fancy-menu-img-container\"><div class=\"fancy-menu-position left-top\"><img decoding=\"async\" src=\"https:\/\/lartdsens-traiteur.com\/wp-content\/uploads\/2020\/06\/5af862cf-2161-4ad6-b99e-5e42b8797fa1.jpg\" alt=\"Wok Terre et Mer\"><\/div><\/div><div class=\"col-md-7\"><div class=\"fancy-menu-innner\" style=\"background-color: #383847;background-image:url(https:\/\/lartdsens-traiteur.com\/wp-content\/uploads\/2016\/03\/pattern-1.png);\"><i style=\"font-size: 128px;color: #ffffff;\" class=\"sb-bistro-fish-1 fancy-menu-icon bounceIn\"><\/i><h2 class=\"fancy-menu-title\" style=\"font-size: 50px;color: #ffffff;\">Wok Terre et Mer<\/h2><div class=\"fancy-menu-items\"><ol><li class=\"wow fadeInLeft\" data-wow-delay=\"0ms\"><h4><\/h4><span class=\"menu-price\"><\/span><div class=\"menu-dots\"><\/div><div class=\"menu-text\">B\u0153uf fa\u00e7on Bangkok (bavette de b\u0153uf en \u00e9minc\u00e9 marin\u00e9 dans une sauce soja, menthe etc...)<br \/>\n<\/div><\/li><li class=\"wow fadeInLeft\" data-wow-delay=\"0ms\"><h4><\/h4><span class=\"menu-price\"><\/span><div class=\"menu-dots\"><\/div><div class=\"menu-text\">Brochette de poulet teriyaki <\/div><\/li><li class=\"wow fadeInLeft\" data-wow-delay=\"0ms\"><h4><\/h4><span class=\"menu-price\"><\/span><div class=\"menu-dots\"><\/div><div class=\"menu-text\">Filet de caille au raisin blanc<br \/>\n<\/div><\/li><li class=\"wow fadeInLeft\" data-wow-delay=\"0ms\"><h4><\/h4><span class=\"menu-price\"><\/span><div class=\"menu-dots\"><\/div><div class=\"menu-text\">Magret de canard au figatelli<br \/>\n<\/div><\/li><li class=\"wow fadeInLeft\" data-wow-delay=\"0ms\"><h4><\/h4><span class=\"menu-price\"><\/span><div class=\"menu-dots\"><\/div><div class=\"menu-text\">Crevette flamb\u00e9e au pastis<br \/>\n<\/div><\/li><li class=\"wow fadeInLeft\" data-wow-delay=\"0ms\"><h4><\/h4><span class=\"menu-price\"><\/span><div class=\"menu-dots\"><\/div><div class=\"menu-text\">Crevettes en persillades<br \/>\n<\/div><\/li><li class=\"wow fadeInLeft\" data-wow-delay=\"0ms\"><h4><\/h4><span class=\"menu-price\"><\/span><div class=\"menu-dots\"><\/div><div class=\"menu-text\">Steak d\u2019espadon et sa poivronnade<br \/>\n<\/div><\/li><li class=\"wow fadeInLeft\" data-wow-delay=\"0ms\"><h4><\/h4><span class=\"menu-price\"><\/span><div class=\"menu-dots\"><\/div><div class=\"menu-text\">Noix de St Jacques snak\u00e9 au jus d\u2019agrumes <\/div><\/li><\/ol><\/div><\/div><\/div><\/div><\/div><\/div><div class=\"addon-fancy-menu \"><div class=\"fancy-menu-content container\"><div class=\"row no-gutter\"><div class=\"col-md-7\"><div class=\"fancy-menu-innner\" style=\"background-color: #dd3333;background-image:url(https:\/\/lartdsens-traiteur.com\/wp-content\/uploads\/2016\/03\/pattern-1.png);\"><i style=\"font-size: 128px;color: #ffffff;\" class=\"sb-bistro-spoons fancy-menu-icon bounceIn\"><\/i><h2 class=\"fancy-menu-title\" style=\"font-size: 50px;color: #ffffff;\">Les ateliers de d\u00e9coupes<\/h2><div class=\"fancy-menu-items\"><ol><li class=\"wow fadeInLeft\" data-wow-delay=\"0ms\"><h4><\/h4><span class=\"menu-price\"><\/span><div class=\"menu-dots\"><\/div><div class=\"menu-text\">La v\u00e9ritable Mozzarella di buffala 3,2kg import\u00e9 d\u2019Italie accompagn\u00e9 de sa trilogie de tomates: jaune ananas, verte et c\u0153ur de b\u0153uf<\/div><\/li><li class=\"wow fadeInLeft\" data-wow-delay=\"0ms\"><h4><\/h4><span class=\"menu-price\"><\/span><div class=\"menu-dots\"><\/div><div class=\"menu-text\">Le plateau de Jambon Serrano<\/p>\n<p><\/div><\/li><li class=\"wow fadeInLeft\" data-wow-delay=\"0ms\"><h4><\/h4><span class=\"menu-price\"><\/span><div class=\"menu-dots\"><\/div><div class=\"menu-text\">La d\u00e9coupe du foie gras, pain d\u2019\u00e9pice et fleur de sel<br \/>\n<\/div><\/li><li class=\"wow fadeInLeft\" data-wow-delay=\"0ms\"><h4><\/h4><span class=\"menu-price\"><\/span><div class=\"menu-dots\"><\/div><div class=\"menu-text\">Bar \u00e0 sushis, assortiment de makis et california<\/div><\/li><li class=\"wow fadeInLeft\" data-wow-delay=\"0ms\"><h4><\/h4><span class=\"menu-price\"><\/span><div class=\"menu-dots\"><\/div><div class=\"menu-text\">La bouillabaisse revisit\u00e9e avec sa brochette de rouget (peut \u00eatre servi en entr\u00e9e)<\/div><\/li><\/ol><\/div><\/div><\/div><div class=\"col-md-5 fancy-menu-img-container\"><div class=\"fancy-menu-position right-top\"><img decoding=\"async\" src=\"https:\/\/lartdsens-traiteur.com\/wp-content\/uploads\/2020\/05\/mozza.jpg\" alt=\"Les ateliers de d\u00e9coupes\"><\/div><\/div><\/div><\/div><\/div><div class=\"addon-fancy-menu \"><div class=\"fancy-menu-content container\"><div class=\"row no-gutter\"><div class=\"col-md-5 fancy-menu-img-container\"><div class=\"fancy-menu-position left-top\"><img decoding=\"async\" src=\"https:\/\/lartdsens-traiteur.com\/wp-content\/uploads\/2020\/05\/7.jpg\" alt=\"Le d\u00eener servi \u00e0 l\u2019assiette\"><\/div><\/div><div class=\"col-md-7\"><div class=\"fancy-menu-innner\" style=\"background-color: #383847;background-image:url(https:\/\/lartdsens-traiteur.com\/wp-content\/uploads\/2016\/03\/pattern-1.png);\"><i style=\"font-size: 128px;color: #ffffff;\" class=\"sb-bistro-steak fancy-menu-icon bounceIn\"><\/i><h2 class=\"fancy-menu-title\" style=\"font-size: 50px;color: #ffffff;\">Le d\u00eener servi \u00e0 l\u2019assiette<\/h2><div class=\"fancy-menu-items\"><ol><li class=\"wow fadeInLeft\" data-wow-delay=\"0ms\"><h4><\/h4><span class=\"menu-price\"><\/span><div class=\"menu-dots\"><\/div><div class=\"menu-text\">M\u00e9daillon de veau aux morilles \u00e9cras\u00e9 de pomme de terre \u00e0 la truffe et ses l\u00e9gumes croquant, asperges, petit pois gourmand glac\u00e9 au combava<\/p>\n<p><\/div><\/li><li class=\"wow fadeInLeft\" data-wow-delay=\"0ms\"><h4><\/h4><span class=\"menu-price\"><\/span><div class=\"menu-dots\"><\/div><div class=\"menu-text\">Souris d\u2019agneau confite au thym gratin de pomme de terre aux c\u00e8pes et l\u00e9gumes de saison glac\u00e9s aux agrumes<br \/>\n<\/div><\/li><li class=\"wow fadeInLeft\" data-wow-delay=\"0ms\"><h4><\/h4><span class=\"menu-price\"><\/span><div class=\"menu-dots\"><\/div><div class=\"menu-text\"><br \/>\nFilet de Saint Pierre et son \u00e9mulsion au combava, risotto aux champignons et pointe d\u2019asperge glac\u00e9es aux agrumes<br \/>\n<\/div><\/li><\/ol><\/div><\/div><\/div><\/div><\/div><\/div><div class=\"addon-fancy-menu \"><div class=\"fancy-menu-content container\"><div class=\"row no-gutter\"><div class=\"col-md-7\"><div class=\"fancy-menu-innner\" style=\"background-color: #dd3333;background-image:url(https:\/\/lartdsens-traiteur.com\/wp-content\/uploads\/2016\/03\/pattern-1.png);\"><i style=\"font-size: 128px;color: #ffffff;\" class=\"sb-bistro-appetizer fancy-menu-icon bounceIn\"><\/i><h2 class=\"fancy-menu-title\" style=\"font-size: 50px;color: #ffffff;\">Assortiments de fromages<\/h2><div class=\"fancy-menu-items\"><ol><li class=\"wow fadeInLeft\" data-wow-delay=\"0ms\"><h4>Une ardoise par table \u00e0 partager ou service en buffet<\/h4><span class=\"menu-price\"><\/span><div class=\"menu-dots\"><\/div><div class=\"menu-text\">Accompagn\u00e9 d\u2019une assiette de salade verte et vinaigrette \u00e0 la truffe par personne<\/div><\/li><li class=\"wow fadeInLeft\" data-wow-delay=\"0ms\"><h4><\/h4><span class=\"menu-price\"><\/span><div class=\"menu-dots\"><\/div><div class=\"menu-text\">Banon<br \/>\nRoquefort papillon noir<br \/>\nCh\u00e8vre frais d\u2019Allauch<br \/>\nBrie<br \/>\nComt\u00e9 <\/div><\/li><\/ol><\/div><\/div><\/div><div class=\"col-md-5 fancy-menu-img-container\"><div class=\"fancy-menu-position right-top\"><img decoding=\"async\" src=\"https:\/\/lartdsens-traiteur.com\/wp-content\/uploads\/2020\/06\/5af862cf-2161-4ad6-b99e-5e42b8797fa1.jpg\" alt=\"Assortiments de fromages\"><\/div><\/div><\/div><\/div><\/div><div class=\"addon-fancy-menu \"><div class=\"fancy-menu-content container\"><div class=\"row no-gutter\"><div class=\"col-md-5 fancy-menu-img-container\"><div class=\"fancy-menu-position left-top\"><img decoding=\"async\" src=\"https:\/\/lartdsens-traiteur.com\/wp-content\/uploads\/2020\/06\/24ad3207-6f13-43da-be88-1ae2f69b1ca9.jpg\" alt=\"Le buffet des desserts\"><\/div><\/div><div class=\"col-md-7\"><div class=\"fancy-menu-innner\" style=\"background-color: #383847;background-image:url(https:\/\/lartdsens-traiteur.com\/wp-content\/uploads\/2016\/03\/pattern-1.png);\"><i style=\"font-size: 128px;color: #ffffff;\" class=\"sb-bistro-muffin fancy-menu-icon bounceIn\"><\/i><h2 class=\"fancy-menu-title\" style=\"font-size: 50px;color: #ffffff;\">Le buffet des desserts<\/h2><div class=\"fancy-menu-items\"><ol><li class=\"wow fadeInLeft\" data-wow-delay=\"0ms\"><h4><\/h4><span class=\"menu-price\"><\/span><div class=\"menu-dots\"><\/div><div class=\"menu-text\">La pi\u00e8ce mont\u00e9e 1 chou par personne (wedding cake ou naked cake sur devis)<\/div><\/li><li class=\"wow fadeInLeft\" data-wow-delay=\"0ms\"><h4><\/h4><span class=\"menu-price\"><\/span><div class=\"menu-dots\"><\/div><div class=\"menu-text\">Assortiment de mignardises :<br \/>\nRocher \u00e0 la noix coco<br \/>\nCannel\u00e9<br \/>\nCalisson d\u2019Aix en Provence<br \/>\nChou au chocolat<br \/>\nGuimauve framboise et citron<\/div><\/li><li class=\"wow fadeInLeft\" data-wow-delay=\"0ms\"><h4><\/h4><span class=\"menu-price\"><\/span><div class=\"menu-dots\"><\/div><div class=\"menu-text\">Bar \u00e0 cr\u00eapes, confitures, nutella, sucre<\/div><\/li><li class=\"wow fadeInLeft\" data-wow-delay=\"0ms\"><h4><\/h4><span class=\"menu-price\"><\/span><div class=\"menu-dots\"><\/div><div class=\"menu-text\">Plateaux de fruits frais<br \/>\n<\/div><\/li><li class=\"wow fadeInLeft\" data-wow-delay=\"0ms\"><h4><\/h4><span class=\"menu-price\"><\/span><div class=\"menu-dots\"><\/div><div class=\"menu-text\">Verrines sucr\u00e9es<br \/>\n<\/div><\/li><\/ol><\/div><\/div><\/div><\/div><\/div><\/div>[\/vc_column][\/vc_row]<\/p>\n","protected":false},"excerpt":{"rendered":"<p>[vc_row][vc_column][\/vc_column][\/vc_row][vc_row css=&#8221;.vc_custom_1459767731547{padding-top: 60px !important;}&#8221;][vc_column][\/vc_column][\/vc_row]<\/p>\n","protected":false},"author":1,"featured_media":0,"parent":0,"menu_order":0,"comment_status":"closed","ping_status":"closed","template":"","meta":{"footnotes":""},"yoast_head":"<!-- This site is optimized with the Yoast SEO plugin v17.4 - https:\/\/yoast.com\/wordpress\/plugins\/seo\/ -->\n<title>Traiteur pour vos \u00e9v\u00e8nements professionnels et familiaux<\/title>\n<meta name=\"description\" content=\"Traiteur \u00e9v\u00e8nementiel pour professionnels et particuliers. Menus adapt\u00e9s \u00e0 vos besoins et envies, sur Marseille, Aix-en-Provence et la r\u00e9gion PACA.\" \/>\n<meta name=\"robots\" content=\"index, follow, max-snippet:-1, max-image-preview:large, max-video-preview:-1\" \/>\n<link rel=\"canonical\" href=\"https:\/\/lartdsens-traiteur.com\/index.php\/menu\/\" \/>\n<meta property=\"og:locale\" content=\"fr_FR\" \/>\n<meta property=\"og:type\" content=\"article\" \/>\n<meta property=\"og:title\" content=\"Traiteur pour vos \u00e9v\u00e8nements professionnels et familiaux\" \/>\n<meta property=\"og:description\" content=\"Traiteur \u00e9v\u00e8nementiel pour professionnels et particuliers. Menus adapt\u00e9s \u00e0 vos besoins et envies, sur Marseille, Aix-en-Provence et la r\u00e9gion PACA.\" \/>\n<meta property=\"og:url\" content=\"https:\/\/lartdsens-traiteur.com\/index.php\/menu\/\" \/>\n<meta property=\"og:site_name\" content=\"L&#039;Art Des Sens - Traiteur\" \/>\n<meta property=\"article:modified_time\" content=\"2025-01-08T09:54:41+00:00\" \/>\n<meta name=\"twitter:card\" content=\"summary\" \/>\n<meta name=\"twitter:label1\" content=\"Dur\u00e9e de lecture est.\" \/>\n\t<meta name=\"twitter:data1\" content=\"3 minutes\" \/>\n<script type=\"application\/ld+json\" class=\"yoast-schema-graph\">{\"@context\":\"https:\/\/schema.org\",\"@graph\":[{\"@type\":\"WebSite\",\"@id\":\"https:\/\/lartdsens-traiteur.com\/#website\",\"url\":\"https:\/\/lartdsens-traiteur.com\/\",\"name\":\"L&#039;Art Des Sens - Traiteur\",\"description\":\"Traiteur sur Marseille, Aix en Provence et toute la r\\u00e9gion PACA\",\"potentialAction\":[{\"@type\":\"SearchAction\",\"target\":{\"@type\":\"EntryPoint\",\"urlTemplate\":\"https:\/\/lartdsens-traiteur.com\/?s={search_term_string}\"},\"query-input\":\"required name=search_term_string\"}],\"inLanguage\":\"fr-FR\"},{\"@type\":\"WebPage\",\"@id\":\"https:\/\/lartdsens-traiteur.com\/index.php\/menu\/#webpage\",\"url\":\"https:\/\/lartdsens-traiteur.com\/index.php\/menu\/\",\"name\":\"Traiteur pour vos \\u00e9v\\u00e8nements professionnels et familiaux\",\"isPartOf\":{\"@id\":\"https:\/\/lartdsens-traiteur.com\/#website\"},\"datePublished\":\"2016-03-30T08:59:43+00:00\",\"dateModified\":\"2025-01-08T09:54:41+00:00\",\"description\":\"Traiteur \\u00e9v\\u00e8nementiel pour professionnels et particuliers. Menus adapt\\u00e9s \\u00e0 vos besoins et envies, sur Marseille, Aix-en-Provence et la r\\u00e9gion PACA.\",\"breadcrumb\":{\"@id\":\"https:\/\/lartdsens-traiteur.com\/index.php\/menu\/#breadcrumb\"},\"inLanguage\":\"fr-FR\",\"potentialAction\":[{\"@type\":\"ReadAction\",\"target\":[\"https:\/\/lartdsens-traiteur.com\/index.php\/menu\/\"]}]},{\"@type\":\"BreadcrumbList\",\"@id\":\"https:\/\/lartdsens-traiteur.com\/index.php\/menu\/#breadcrumb\",\"itemListElement\":[{\"@type\":\"ListItem\",\"position\":1,\"name\":\"Accueil\",\"item\":\"https:\/\/lartdsens-traiteur.com\/\"},{\"@type\":\"ListItem\",\"position\":2,\"name\":\"Menus\"}]}]}<\/script>\n<!-- \/ Yoast SEO plugin. -->","yoast_head_json":{"title":"Traiteur pour vos \u00e9v\u00e8nements professionnels et familiaux","description":"Traiteur \u00e9v\u00e8nementiel pour professionnels et particuliers. Menus adapt\u00e9s \u00e0 vos besoins et envies, sur Marseille, Aix-en-Provence et la r\u00e9gion PACA.","robots":{"index":"index","follow":"follow","max-snippet":"max-snippet:-1","max-image-preview":"max-image-preview:large","max-video-preview":"max-video-preview:-1"},"canonical":"https:\/\/lartdsens-traiteur.com\/index.php\/menu\/","og_locale":"fr_FR","og_type":"article","og_title":"Traiteur pour vos \u00e9v\u00e8nements professionnels et familiaux","og_description":"Traiteur \u00e9v\u00e8nementiel pour professionnels et particuliers. Menus adapt\u00e9s \u00e0 vos besoins et envies, sur Marseille, Aix-en-Provence et la r\u00e9gion PACA.","og_url":"https:\/\/lartdsens-traiteur.com\/index.php\/menu\/","og_site_name":"L&#039;Art Des Sens - Traiteur","article_modified_time":"2025-01-08T09:54:41+00:00","twitter_card":"summary","twitter_misc":{"Dur\u00e9e de lecture est.":"3 minutes"},"schema":{"@context":"https:\/\/schema.org","@graph":[{"@type":"WebSite","@id":"https:\/\/lartdsens-traiteur.com\/#website","url":"https:\/\/lartdsens-traiteur.com\/","name":"L&#039;Art Des Sens - Traiteur","description":"Traiteur sur Marseille, Aix en Provence et toute la r\u00e9gion PACA","potentialAction":[{"@type":"SearchAction","target":{"@type":"EntryPoint","urlTemplate":"https:\/\/lartdsens-traiteur.com\/?s={search_term_string}"},"query-input":"required name=search_term_string"}],"inLanguage":"fr-FR"},{"@type":"WebPage","@id":"https:\/\/lartdsens-traiteur.com\/index.php\/menu\/#webpage","url":"https:\/\/lartdsens-traiteur.com\/index.php\/menu\/","name":"Traiteur pour vos \u00e9v\u00e8nements professionnels et familiaux","isPartOf":{"@id":"https:\/\/lartdsens-traiteur.com\/#website"},"datePublished":"2016-03-30T08:59:43+00:00","dateModified":"2025-01-08T09:54:41+00:00","description":"Traiteur \u00e9v\u00e8nementiel pour professionnels et particuliers. Menus adapt\u00e9s \u00e0 vos besoins et envies, sur Marseille, Aix-en-Provence et la r\u00e9gion PACA.","breadcrumb":{"@id":"https:\/\/lartdsens-traiteur.com\/index.php\/menu\/#breadcrumb"},"inLanguage":"fr-FR","potentialAction":[{"@type":"ReadAction","target":["https:\/\/lartdsens-traiteur.com\/index.php\/menu\/"]}]},{"@type":"BreadcrumbList","@id":"https:\/\/lartdsens-traiteur.com\/index.php\/menu\/#breadcrumb","itemListElement":[{"@type":"ListItem","position":1,"name":"Accueil","item":"https:\/\/lartdsens-traiteur.com\/"},{"@type":"ListItem","position":2,"name":"Menus"}]}]}},"_links":{"self":[{"href":"https:\/\/lartdsens-traiteur.com\/index.php\/wp-json\/wp\/v2\/pages\/708"}],"collection":[{"href":"https:\/\/lartdsens-traiteur.com\/index.php\/wp-json\/wp\/v2\/pages"}],"about":[{"href":"https:\/\/lartdsens-traiteur.com\/index.php\/wp-json\/wp\/v2\/types\/page"}],"author":[{"embeddable":true,"href":"https:\/\/lartdsens-traiteur.com\/index.php\/wp-json\/wp\/v2\/users\/1"}],"replies":[{"embeddable":true,"href":"https:\/\/lartdsens-traiteur.com\/index.php\/wp-json\/wp\/v2\/comments?post=708"}],"version-history":[{"count":111,"href":"https:\/\/lartdsens-traiteur.com\/index.php\/wp-json\/wp\/v2\/pages\/708\/revisions"}],"predecessor-version":[{"id":9265,"href":"https:\/\/lartdsens-traiteur.com\/index.php\/wp-json\/wp\/v2\/pages\/708\/revisions\/9265"}],"wp:attachment":[{"href":"https:\/\/lartdsens-traiteur.com\/index.php\/wp-json\/wp\/v2\/media?parent=708"}],"curies":[{"name":"wp","href":"https:\/\/api.w.org\/{rel}","templated":true}]}}